{"id":1598,"date":"2022-04-27T09:52:41","date_gmt":"2022-04-27T07:52:41","guid":{"rendered":"https:\/\/www.auxalia.com\/?post_type=referenzen&#038;p=1598"},"modified":"2023-01-17T13:23:00","modified_gmt":"2023-01-17T12:23:00","slug":"mehr-effizienz-in-der-generalplanung-mit-bim-collaborate-pro","status":"publish","type":"referenzen","link":"https:\/\/www.auxalia.com\/en\/referenzen\/mehr-effizienz-in-der-generalplanung-mit-bim-collaborate-pro\/","title":{"rendered":"Mehr Effizienz in der Generalplanung mit BIM Collaborate Pro"},"content":{"rendered":"<section class=\"elementor-section elementor-top-section elementor-element elementor-element-8e9c8c0 elementor-section-boxed elementor-section-height-default elementor-section-height-default\" data-id=\"8e9c8c0\" data-element_type=\"section\">\n<div class=\"elementor-container elementor-column-gap-default\">\n<div class=\"elementor-row\">\n<div class=\"elementor-column elementor-col-100 elementor-top-column elementor-element elementor-element-9437287\" data-id=\"9437287\" data-element_type=\"column\">\n<div class=\"elementor-column-wrap elementor-element-populated\">\n<div class=\"elementor-widget-wrap\">\n<div class=\"elementor-element elementor-element-2e47fc6 elementor-widget elementor-widget-text-editor\" data-id=\"2e47fc6\" data-element_type=\"widget\" data-widget_type=\"text-editor.default\">\n<div class=\"elementor-widget-container\">\n<div class=\"elementor-text-editor elementor-clearfix\">\n<h3><strong>BIM Collaboration Pro optimiert die Zusammenarbeit mit Subplanern<\/strong><\/h3>\n<p><strong>BIM ist mehr als die Planung an einem digitalen Modell. Auch die Kooperation mit Partnern und das Projektmanagement lassen sich damit optimieren, da ist sich Ulrich Schwarz vom Architekturb\u00fcro 21-arch sicher. Als er und sein Team die Generalplanung f\u00fcr einen komplexen Sonderbau erh\u00e4lt, testen sie BIM Collaborate Pro (ehem. BIM 360 Design)\u00a0<\/strong><strong>von Autodesk \u2013 eine cloudbasierte Plattform, die das team\u00fcbergreifende Arbeiten im Bauprojekt-Management erm\u00f6glicht. Bei der Implementierung wird 21-arch vom Software- und Beratungsunternehmen auxalia und dem Technologie-Distributor Tech Data unterst\u00fctzt. Der Effizienzgewinn ist so enorm, dass das Architekturb\u00fcro plant, die Plattform im gesamten B\u00fcro einzusetzen.<\/strong><\/p>\n<\/div>\n<\/div>\n<\/div>\n<\/div>\n<\/div>\n<\/div>\n<\/div>\n<\/div>\n<\/section>\n<section class=\"elementor-section elementor-top-section elementor-element elementor-element-c5f0949 elementor-section-boxed elementor-section-height-default elementor-section-height-default\" data-id=\"c5f0949\" data-element_type=\"section\">\n<div class=\"elementor-container elementor-column-gap-default\">\n<div class=\"elementor-row\">\n<div class=\"elementor-column elementor-col-100 elementor-top-column elementor-element elementor-element-bfeb209\" data-id=\"bfeb209\" data-element_type=\"column\">\n<div class=\"elementor-column-wrap elementor-element-populated\">\n<div class=\"elementor-widget-wrap\">\n<div class=\"elementor-element elementor-element-12f218d elementor-widget elementor-widget-image\" data-id=\"12f218d\" data-element_type=\"widget\" data-widget_type=\"image.default\">\n<div class=\"elementor-widget-container\">\n<div class=\"elementor-image\"><img loading=\"lazy\" decoding=\"async\" class=\"aligncenter size-full wp-image-7176\" src=\"https:\/\/www.auxalia.com\/wp-content\/uploads\/2022\/04\/21_arch_logo-300x300-150x150-1.png\" alt=\"\" width=\"150\" height=\"150\" \/><\/div>\n<\/div>\n<\/div>\n<\/div>\n<\/div>\n<\/div>\n<\/div>\n<\/div>\n<\/section>\n<section class=\"elementor-section elementor-top-section elementor-element elementor-element-d21234f elementor-section-boxed elementor-section-height-default elementor-section-height-default\" data-id=\"d21234f\" data-element_type=\"section\">\n<div class=\"elementor-container elementor-column-gap-default\">\n<div class=\"elementor-row\">\n<div class=\"elementor-column elementor-col-100 elementor-top-column elementor-element elementor-element-30475be\" data-id=\"30475be\" data-element_type=\"column\">\n<div class=\"elementor-column-wrap elementor-element-populated\">\n<div class=\"elementor-widget-wrap\">\n<div class=\"elementor-element elementor-element-a72bf68 elementor-widget elementor-widget-text-editor\" data-id=\"a72bf68\" data-element_type=\"widget\" data-widget_type=\"text-editor.default\">\n<div class=\"elementor-widget-container\">\n<div class=\"elementor-text-editor elementor-clearfix\">\n<p><a href=\"https:\/\/www.21-arch.com\/\" target=\"_blank\" rel=\"noopener\"><strong>21-arch<\/strong><\/a>\u00a0ist ein mittelgro\u00dfes, schw\u00e4bisches Architekturb\u00fcro mit umfangreichem Leistungsspektrum: Von der Konzeptionierung und Beratung bis hin zu reinen Architektur-Leistungen und Innenarchitektur-Projekten reicht die Bandbreite. Durch die Zusammenarbeit mit verschiedenen Planungsb\u00fcros \u00fcbernimmt das Architekturb\u00fcro seit einiger Zeit immer \u00f6fter auch als Generalplaner die Gesamt-Verantwortung f\u00fcr gr\u00f6\u00dfere Projekte. So erhielt 21-arch Anfang 2019 von einem Automobil-Hersteller den Auftrag f\u00fcr die\u00a0<b>Generalplanung eines Sonderbaus im Bereich Forschung und Entwicklung<\/b>. Keine einfache Aufgabe, denn insbesondere der Innenausbau des Projekts gestaltete sich sehr komplex.<\/p>\n<p>21-arch Mitbegr\u00fcnder und Gesch\u00e4ftsf\u00fchrer Ulrich Schwarz war schnell klar:\u00a0<i>\u201eUm so etwas effizient zu planen und Fehler zu vermeiden, brauchen wir eine\u00a0<b>sehr enge Abstimmung mit unseren Partnern<\/b>.\u201c<\/i>\u00a0Ziel war es,\u00a0<b>mit allen Subplanern als integriertes Team<\/b>\u00a0an das Projekt heranzugehen, sodass alle gemeinsam daran arbeiten k\u00f6nnen \u2013 auch wenn die Planungs-Teams r\u00e4umlich getrennt in unterschiedlichen Teilen Deutschlands arbeiten.\u00a0<i>\u201eWir mussten also kl\u00e4ren: Wie tauschen wir uns am besten aus? Wie kriegen wir eine\u00a0<b>dokumentierte Kommunikation<\/b>\u00a0hin? Und wie k\u00f6nnen wir die\u00a0<b>aktuellen Daten allen gesammelt zu Verf\u00fcgung stellen<\/b>?\u201c<\/i><\/p>\n<\/div>\n<\/div>\n<\/div>\n<\/div>\n<\/div>\n<\/div>\n<\/div>\n<\/div>\n<\/section>\n<section class=\"elementor-section elementor-top-section elementor-element elementor-element-98005a1 elementor-section-boxed elementor-section-height-default elementor-section-height-default\" data-id=\"98005a1\" data-element_type=\"section\">\n<div class=\"elementor-container elementor-column-gap-default\">\n<div class=\"elementor-row\">\n<div class=\"elementor-column elementor-col-100 elementor-top-column elementor-element elementor-element-de6965c\" data-id=\"de6965c\" data-element_type=\"column\">\n<div class=\"elementor-column-wrap elementor-element-populated\">\n<div class=\"elementor-widget-wrap\">\n<div class=\"elementor-element elementor-element-9b2cadb elementor-widget elementor-widget-image\" data-id=\"9b2cadb\" data-element_type=\"widget\" data-widget_type=\"image.default\">\n<div class=\"elementor-widget-container\">\n<div class=\"elementor-image\"><img loading=\"lazy\" decoding=\"async\" class=\"aligncenter size-full wp-image-7178\" src=\"https:\/\/www.auxalia.com\/wp-content\/uploads\/2022\/04\/21-arch_Ulrich-Schwarz-768x576-1.jpg\" alt=\"\" width=\"768\" height=\"576\" srcset=\"https:\/\/www.auxalia.com\/wp-content\/uploads\/2022\/04\/21-arch_Ulrich-Schwarz-768x576-1.jpg 768w, https:\/\/www.auxalia.com\/wp-content\/uploads\/2022\/04\/21-arch_Ulrich-Schwarz-768x576-1-300x225.jpg 300w, https:\/\/www.auxalia.com\/wp-content\/uploads\/2022\/04\/21-arch_Ulrich-Schwarz-768x576-1-600x450.jpg 600w\" sizes=\"auto, (max-width: 768px) 100vw, 768px\" \/><\/div>\n<\/div>\n<\/div>\n<\/div>\n<\/div>\n<\/div>\n<\/div>\n<\/div>\n<\/section>\n<section class=\"elementor-section elementor-top-section elementor-element elementor-element-a6bbe7c elementor-section-boxed elementor-section-height-default elementor-section-height-default\" data-id=\"a6bbe7c\" data-element_type=\"section\">\n<div class=\"elementor-container elementor-column-gap-default\">\n<div class=\"elementor-row\">\n<div class=\"elementor-column elementor-col-100 elementor-top-column elementor-element elementor-element-cf2f33e\" data-id=\"cf2f33e\" data-element_type=\"column\">\n<div class=\"elementor-column-wrap elementor-element-populated\">\n<div class=\"elementor-widget-wrap\">\n<div class=\"elementor-element elementor-element-7c511a2 elementor-widget elementor-widget-text-editor\" data-id=\"7c511a2\" data-element_type=\"widget\" data-widget_type=\"text-editor.default\">\n<div class=\"elementor-widget-container\">\n<div class=\"elementor-text-editor elementor-clearfix\">\n<h3><b>Austauschplattform statt E-Mail-Kommunikation<\/b><\/h3>\n<p>\u00dcblicherweise l\u00e4uft der Austausch in solchen Projekten per E-Mail. Eine Methode, die f\u00fcr Ulrich Schwarz keine Zukunft hat. Viel zu ineffizient und viel zu gro\u00df die Gefahr, dass Informationen und Aufgaben untergehen.\u00a0<i>\u201eAls Generalplaner arbeiten wir mit mehreren Subplanern zusammen. Da bekommen wir pro Tag mehrere Mails von verschiedenen Teams und jede enth\u00e4lt 20 Punkte, die angepasst werden m\u00fcssen. Da kann schnell etwas \u00fcbersehen werden\u201c<\/i>, so Ulrich Schwarz. Ihm schwebt daher vielmehr eine\u00a0<b>gemeinsame Austauschplattform vor, auf die alle zugreifen und \u00fcber die alle miteinander kommunizieren k\u00f6nnen<\/b>\u00a0\u2013<i>\u201eQuasi eine\u00a0<b>\u201eOne Source of Truth\u2018\u201c<\/b><\/i>, so Schwarz weiter.\u00a0<i>\u201eMit dem Problem haben wir uns dann an auxalia gewandt.\u201c<\/i><\/p>\n<h3><b>Autodesk BIM Collaborate Pro schafft Abhilfe<\/b><\/h3>\n<p>21-arch arbeitet bereits seit 2016 mit dem Software- und Beratungsunternehmen auxalia zusammen.\u00a0<i>\u201eauxalia hat uns damals bei der Einf\u00fchrung von Revit unterst\u00fctzt. Die Zusammenarbeit seither ist optimal. In der Beratung herrscht immer eine klare und direkte Kommunikation, sodass wir viel Vertrauen in unsere Ansprechpartner dort haben\u201c<\/i>, so Ulrich Schwarz. Und tats\u00e4chlich hat auxalia mit\u00a0<b>Autodesk BIM Collaborate Pro<\/b>\u00a0eine passende L\u00f6sung f\u00fcr die speziellen Anforderungen parat.\u00a0<i>\u201eDie Software ist genau f\u00fcr diese Art des Austauschs geschaffen worden<\/i>\u201c, erkl\u00e4rt Refika Rizvic, die verantwortliche Account Managerin bei auxalia.\u00a0<i>\u201eSie bietet eine\u00a0<b>cloudbasierte Dokumentenplattform<\/b>, in der alle Projektdateien, -pl\u00e4ne und -modelle abgelegt und verwaltet werden.\u201c<\/i><\/p>\n<p>Ulrich Schwarz entscheidet, das Programm f\u00fcr die anstehende Generalplanung zu testen. Damit die Implementierung reibungslos gelingt und die L\u00f6sung an die Bed\u00fcrfnisse von 21-arch angepasst werden kann, stellt auxalia den direkten Kontakt zu den BIM-Experten des Autodesk Distributors Tech Data her. Diese setzen zun\u00e4chst die komplexe Testumgebung auf und begleiten die\u00a0<b>Testphase mit exklusiven Webcasts und Workshops<\/b>.<i>\u00a0\u201eDie Zusammenarbeit mit 21-arch ist extrem produktiv, sodass ich von Anfang an \u00fcberzeugt war, dass BIM\u00a0Collaborate Pro<\/i><i>\u00a0selbst den Nachweis \u00fcber die Wirtschaftlichkeit erbringt<\/i>\u201c, erkl\u00e4rt Harry Schmidt, zust\u00e4ndiger BIM-Consultant bei Tech Data.\u00a0<i>\u201eIn einer Prozessanalyse haben wir zun\u00e4chst er\u00f6rtert, welche M\u00f6glichkeiten die L\u00f6sung f\u00fcr 21-arch bietet. In den anschlie\u00dfenden Workshops haben wir dann mit Herrn Schwarz offene Themen, Ideen und Fragen besprochen. So konnten wir gemeinsam St\u00fcck f\u00fcr St\u00fcck die Potenziale noch besser herausarbeiten.\u201c<\/i><\/p>\n<p>F\u00fcr Ulrich Schwarz eine optimale Herangehensweise.\u00a0<i>\u201eDamit hatten wir in allen Bereichen genau die professionelle Unterst\u00fctzung, die wir gebraucht haben\u201c<\/i>, sagt der 21-arch Gesch\u00e4ftsf\u00fchrer.\u00a0<i>\u201eMan muss sich nat\u00fcrlich erst einmal einarbeiten in die Plattform, aber im Doing haben wir uns schnell zurechtgefunden.\u201c<\/i><\/p>\n<h3><b>Testphase \u00fcberzeugt<\/b><\/h3>\n<p>Nach einigen Monaten Testphase ist das Feedback von 21-arch positiv.\u00a0<i>\u201eBIM Collaborate Pro\u00a0hat gehalten, was es versprochen hat.\u00a0<b>In der Plattform lagen alle Dokumente geb\u00fcndelt in ihrer aktuellen Version vor<\/b>\u00a0\u2013 ob es das 3D-Modell war, das PDF-Dokument der Baugesuche oder die Baugenehmigung\u201c<\/i>, erkl\u00e4rt Ulrich Schwarz.\u00a0<i>\u201eStatt mit Protokollen haben wir zudem mit eindeutigen Aufgaben gearbeitet, die einer Person zugewiesen sind. Das hei\u00dft, statt einen komplett ge\u00e4nderten Plan an alle Projektteams zu verschicken, den dann jeder durcharbeiten muss, konnten wir das Ganze auf einzelne Aufgaben herunterbrechen. Diese konnten dann innerhalb von f\u00fcnf Minuten umgesetzt werden. Dadurch hatten wir einen\u00a0<b>enormen Effizienzgewinn in der Planungsabstimmung<\/b>.\u201c\u00a0<\/i>Ein weiterer Pluspunkt f\u00fcr 21-arch war, dass\u00a0<b>BIM Collaborate Pro\u00a0mit anderen Autodesk Produkten kompatibel<\/b>\u00a0ist. Diese konnten problemlos in die Plattform integriert werden \u2013 beispielsweise in Form der Revit-Modelle.\u00a0<i>\u201eDas hei\u00dft, sie sind in einer\u00a0<\/i><i><b>integierten Autodesk-Welt<\/b><\/i><i>\u00a0unterwegs\u201c<\/i>, erg\u00e4nzt Refika Rizvic von auxalia.<\/p>\n<p>In dieser ersten Testphase konnte BIM Collaborate Pro den Austausch von E-Mails noch nicht ganz abl\u00f6sen, was f\u00fcr Ulrich Schwarz aber nur eine Frage der Gewohnheit ist:\u00a0<i>\u201eBIM ist mehr als die Arbeit an digitalen Modellen. Es ist\u00a0<b>ein neuer Mindset<\/b>\u00a0und betrifft auch das\u00a0<b>Management der Projekte<\/b>. Das hei\u00dft, die Teams m\u00fcssen das Denken \u00e4ndern: Von E-Mails und Anweisungen in Aufgaben und Zuweisungen. Meine Mitarbeiter haben mir signalisiert, dass es der richtige Weg ist.\u201c<\/i><br \/>\nSchwarz selbst ist der festen \u00dcberzeugung: Wer fl\u00fcssige, effiziente und zufriedenstellende Projekte haben will, kommt nicht um eine cloudbasierte Austauschplattform herum. Deshalb hat 21-arch entschieden, BIM Collaborate Pro zuk\u00fcnftig im gesamten B\u00fcro einzusetzen.\u00a0<i>\u201eWenn wir BIM\u00a0Collaborate Pro<\/i><i>\u00a0erst einmal im gesamten B\u00fcro eingef\u00fchrt haben, ist es die einzige Cloud-L\u00f6sung, die wir f\u00fcr unsere Projekte brauchen. Deshalb wollen wir\u00a0<b>alle zuk\u00fcnftigen Projekte \u00fcber BIM\u00a0<\/b><\/i><b><i>Collaborate Pro<\/i><\/b><i>\u00a0steuern\u201c<\/i>, so Schwarz weiter. Das alte Datenmanagement-Programm wird in Folge abgeschaltet und die Software-Landschaft sukzessive verkleinert.<\/p>\n<h3><b>Bereit f\u00fcr die Zukunft mit BIM<\/b><\/h3>\n<p>Das Team von 21-arch plant bereits, die Arbeit mit BIM\u00a0Collaborate Pro auszuweiten und alle M\u00f6glichkeiten der Plattform auszunutzen.\u00a0<i>\u201eIch freue mich besonders darauf, BIM\u00a0Collaborate Pro<\/i><i>\u00a0mit Office 365 zu kombinieren\u201c<\/i>, so der 21-arch Gesch\u00e4ftsf\u00fchrer. Durch die\u00a0<b>Microsoft Office 365 Integration<\/b>\u00a0ist es ab sofort m\u00f6glich,\u00a0<b>Word, Excel, PowerPoint und Visio Dateien online mit BIM\u00a0Collaborate Pro<\/b><b>\u00a0zu erstellen, zu bearbeiten und anzeigen<\/b>\u00a0zu lassen.<\/p>\n<p>Um die Plattform umfassend nutzen zu k\u00f6nnen, sollen zudem noch einige Features erg\u00e4nzt werden. So vermisst Ulrich Schwarz bislang die M\u00f6glichkeit, die Aufgaben in einen Kalender zu \u00fcbertragen. In Zusammenarbeit mit auxalia, Tech Data und Autodesk soll aber auch das bald m\u00f6glich sein.\u00a0<i>\u201eAktuell sind wir im Gespr\u00e4ch, das Produkt in Sachen Protokollierung und Aufgabenstellung an die Bed\u00fcrfnisse von 21-arch anzupassen. Gemeinsam mit Tech Data pr\u00fcfen wir, was mit weiteren Releases abgedeckt wird, was noch programmiert werden kann und wo wir eine Zwischenl\u00f6sung finden\u201c<\/i>, erkl\u00e4rt Refika Rizvic von auxalia. Das Produkt wird regelm\u00e4\u00dfig durch Autodesk aktualisiert. BIM Collaborate Pro verf\u00fcgt zudem \u00fcber eine\u00a0<b>offene Programmierschnittstelle<\/b>, durch die weitere Features erg\u00e4nzt werden k\u00f6nnen.\u00a0<i>\u201eIch bin gespannt, was wir gemeinsam mit der IT noch erarbeiten k\u00f6nnen und freue mich auf die M\u00f6glichkeiten\u201c<\/i>, so Ulrich Schwarz abschlie\u00dfend.<\/p>\n<p>PS: Auch das Fachmagazin\u00a0<a href=\"https:\/\/www.bauen-aktuell.eu\/\" target=\"_blank\" rel=\"noopener\"><strong>Bauen Aktuell<\/strong><\/a>\u00a0berichtet in der Ausgabe\u00a0 3\/2020 \u00fcber dieses spannende BIM Collaborate Pro Projekt (<a href=\"https:\/\/www.auxalia.com\/wp-content\/uploads\/2023\/01\/bauen-aktuell-ausgabe-3-2020_21-arch.pdf\" target=\"_blank\" rel=\"noopener\">PDF, Seite 10-12<\/a>)<\/p>\n<p><b>Beteiligte Unternehmen<br \/>\n<\/b><a href=\"https:\/\/www.21-arch.com\/\" target=\"_blank\" rel=\"noopener\">21-arch GmbH<\/a><br \/>\n<a href=\"https:\/\/www.auxalia.com\/firmenprofil\/\" target=\"_blank\" rel=\"noopener\">auxalia GmbH<\/a><br \/>\n<a href=\"https:\/\/de.techdata.com\/\" target=\"_blank\" rel=\"noopener\">Tech Data GmbH &amp; Co OHG<\/a><\/p>\n<p><b>Ort<br \/>\n<\/b>Stuttgart<\/p>\n<p><b>Software<br \/>\n<\/b><a href=\"https:\/\/www.auxalia.com\/produkte\/autodesk-revit\/\" target=\"_blank\" rel=\"noopener\">Autodesk Revit<\/a><br \/>\n<a href=\"https:\/\/www.auxalia.com\/software\/autodesk-bim-collaborate\/\" target=\"_blank\" rel=\"noopener\">Autodesk BIM Collaborate Pro\u00a0<\/a>(BIM Docs,\u00a0BIM Collaborate)<\/p>\n<\/div>\n<\/div>\n<\/div>\n<\/div>\n<\/div>\n<\/div>\n<\/div>\n<\/div>\n<\/section>\n","protected":false},"featured_media":4432,"template":"","referenzen_categories":[40],"class_list":["post-1598","referenzen","type-referenzen","status-publish","has-post-thumbnail","hentry","referenzen_categories-architektur"],"acf":[],"yoast_head":"<!-- This site is optimized with the Yoast SEO plugin v27.4 - https:\/\/yoast.com\/product\/yoast-seo-wordpress\/ -->\n<title>Mehr Effizienz in der Generalplanung mit BIM Collaborate Pro - auxalia GmbH<\/title>\n<meta name=\"description\" content=\"Erfahren Sie, wie Autodesk BIM 360 die team\u00fcbergreifende Zusammenarbeit &amp; Projektplanung beim Stuttgarter Architekturb\u00fcro 21-arch optimiert.\" \/>\n<meta name=\"robots\" content=\"index, follow, max-snippet:-1, max-image-preview:large, max-video-preview:-1\" \/>\n<link rel=\"canonical\" href=\"https:\/\/www.auxalia.com\/en\/referenzen\/mehr-effizienz-in-der-generalplanung-mit-bim-collaborate-pro\/\" \/>\n<meta property=\"og:locale\" content=\"en_US\" \/>\n<meta property=\"og:type\" content=\"article\" \/>\n<meta property=\"og:title\" content=\"Mehr Effizienz in der Generalplanung mit BIM Collaborate Pro - auxalia GmbH\" \/>\n<meta property=\"og:description\" content=\"Erfahren Sie, wie Autodesk BIM 360 die team\u00fcbergreifende Zusammenarbeit &amp; Projektplanung beim Stuttgarter Architekturb\u00fcro 21-arch optimiert.\" \/>\n<meta property=\"og:url\" content=\"https:\/\/www.auxalia.com\/en\/referenzen\/mehr-effizienz-in-der-generalplanung-mit-bim-collaborate-pro\/\" \/>\n<meta property=\"og:site_name\" content=\"auxalia GmbH\" \/>\n<meta property=\"article:modified_time\" content=\"2023-01-17T12:23:00+00:00\" \/>\n<meta property=\"og:image\" content=\"https:\/\/www.auxalia.com\/wp-content\/uploads\/2022\/04\/referenz-21arch.webp\" \/>\n\t<meta property=\"og:image:width\" content=\"260\" \/>\n\t<meta property=\"og:image:height\" content=\"120\" \/>\n\t<meta property=\"og:image:type\" content=\"image\/webp\" \/>\n<meta name=\"twitter:card\" content=\"summary_large_image\" \/>\n<meta name=\"twitter:label1\" content=\"Est. reading time\" \/>\n\t<meta name=\"twitter:data1\" content=\"7 minutes\" \/>\n<script type=\"application\/ld+json\" class=\"yoast-schema-graph\">{\"@context\":\"https:\\\/\\\/schema.org\",\"@graph\":[{\"@type\":\"WebPage\",\"@id\":\"https:\\\/\\\/www.auxalia.com\\\/en\\\/referenzen\\\/mehr-effizienz-in-der-generalplanung-mit-bim-collaborate-pro\\\/\",\"url\":\"https:\\\/\\\/www.auxalia.com\\\/en\\\/referenzen\\\/mehr-effizienz-in-der-generalplanung-mit-bim-collaborate-pro\\\/\",\"name\":\"Mehr Effizienz in der Generalplanung mit BIM Collaborate Pro - auxalia GmbH\",\"isPartOf\":{\"@id\":\"https:\\\/\\\/www.auxalia.com\\\/en\\\/#website\"},\"primaryImageOfPage\":{\"@id\":\"https:\\\/\\\/www.auxalia.com\\\/en\\\/referenzen\\\/mehr-effizienz-in-der-generalplanung-mit-bim-collaborate-pro\\\/#primaryimage\"},\"image\":{\"@id\":\"https:\\\/\\\/www.auxalia.com\\\/en\\\/referenzen\\\/mehr-effizienz-in-der-generalplanung-mit-bim-collaborate-pro\\\/#primaryimage\"},\"thumbnailUrl\":\"https:\\\/\\\/www.auxalia.com\\\/wp-content\\\/uploads\\\/2022\\\/04\\\/referenz-21arch.webp\",\"datePublished\":\"2022-04-27T07:52:41+00:00\",\"dateModified\":\"2023-01-17T12:23:00+00:00\",\"description\":\"Erfahren Sie, wie Autodesk BIM 360 die team\u00fcbergreifende Zusammenarbeit & Projektplanung beim Stuttgarter Architekturb\u00fcro 21-arch optimiert.\",\"breadcrumb\":{\"@id\":\"https:\\\/\\\/www.auxalia.com\\\/en\\\/referenzen\\\/mehr-effizienz-in-der-generalplanung-mit-bim-collaborate-pro\\\/#breadcrumb\"},\"inLanguage\":\"en-US\",\"potentialAction\":[{\"@type\":\"ReadAction\",\"target\":[\"https:\\\/\\\/www.auxalia.com\\\/en\\\/referenzen\\\/mehr-effizienz-in-der-generalplanung-mit-bim-collaborate-pro\\\/\"]}]},{\"@type\":\"ImageObject\",\"inLanguage\":\"en-US\",\"@id\":\"https:\\\/\\\/www.auxalia.com\\\/en\\\/referenzen\\\/mehr-effizienz-in-der-generalplanung-mit-bim-collaborate-pro\\\/#primaryimage\",\"url\":\"https:\\\/\\\/www.auxalia.com\\\/wp-content\\\/uploads\\\/2022\\\/04\\\/referenz-21arch.webp\",\"contentUrl\":\"https:\\\/\\\/www.auxalia.com\\\/wp-content\\\/uploads\\\/2022\\\/04\\\/referenz-21arch.webp\",\"width\":260,\"height\":120},{\"@type\":\"BreadcrumbList\",\"@id\":\"https:\\\/\\\/www.auxalia.com\\\/en\\\/referenzen\\\/mehr-effizienz-in-der-generalplanung-mit-bim-collaborate-pro\\\/#breadcrumb\",\"itemListElement\":[{\"@type\":\"ListItem\",\"position\":1,\"name\":\"Home\",\"item\":\"https:\\\/\\\/www.auxalia.com\\\/en\\\/\"},{\"@type\":\"ListItem\",\"position\":2,\"name\":\"Mehr Effizienz in der Generalplanung mit BIM Collaborate Pro\"}]},{\"@type\":\"WebSite\",\"@id\":\"https:\\\/\\\/www.auxalia.com\\\/en\\\/#website\",\"url\":\"https:\\\/\\\/www.auxalia.com\\\/en\\\/\",\"name\":\"auxalia GmbH\",\"description\":\"Eine weitere WordPress-Website\",\"publisher\":{\"@id\":\"https:\\\/\\\/www.auxalia.com\\\/en\\\/#organization\"},\"potentialAction\":[{\"@type\":\"SearchAction\",\"target\":{\"@type\":\"EntryPoint\",\"urlTemplate\":\"https:\\\/\\\/www.auxalia.com\\\/en\\\/?s={search_term_string}\"},\"query-input\":{\"@type\":\"PropertyValueSpecification\",\"valueRequired\":true,\"valueName\":\"search_term_string\"}}],\"inLanguage\":\"en-US\"},{\"@type\":\"Organization\",\"@id\":\"https:\\\/\\\/www.auxalia.com\\\/en\\\/#organization\",\"name\":\"auxalia GmbH\",\"url\":\"https:\\\/\\\/www.auxalia.com\\\/en\\\/\",\"logo\":{\"@type\":\"ImageObject\",\"inLanguage\":\"en-US\",\"@id\":\"https:\\\/\\\/www.auxalia.com\\\/en\\\/#\\\/schema\\\/logo\\\/image\\\/\",\"url\":\"https:\\\/\\\/www.auxalia.com\\\/wp-content\\\/uploads\\\/2025\\\/02\\\/logo_auxalia-with-group_blue-transparent.svg\",\"contentUrl\":\"https:\\\/\\\/www.auxalia.com\\\/wp-content\\\/uploads\\\/2025\\\/02\\\/logo_auxalia-with-group_blue-transparent.svg\",\"caption\":\"auxalia GmbH\"},\"image\":{\"@id\":\"https:\\\/\\\/www.auxalia.com\\\/en\\\/#\\\/schema\\\/logo\\\/image\\\/\"}}]}<\/script>\n<!-- \/ Yoast SEO plugin. -->","yoast_head_json":{"title":"Mehr Effizienz in der Generalplanung mit BIM Collaborate Pro - auxalia GmbH","description":"Erfahren Sie, wie Autodesk BIM 360 die team\u00fcbergreifende Zusammenarbeit & Projektplanung beim Stuttgarter Architekturb\u00fcro 21-arch optimiert.","robots":{"index":"index","follow":"follow","max-snippet":"max-snippet:-1","max-image-preview":"max-image-preview:large","max-video-preview":"max-video-preview:-1"},"canonical":"https:\/\/www.auxalia.com\/en\/referenzen\/mehr-effizienz-in-der-generalplanung-mit-bim-collaborate-pro\/","og_locale":"en_US","og_type":"article","og_title":"Mehr Effizienz in der Generalplanung mit BIM Collaborate Pro - auxalia GmbH","og_description":"Erfahren Sie, wie Autodesk BIM 360 die team\u00fcbergreifende Zusammenarbeit & Projektplanung beim Stuttgarter Architekturb\u00fcro 21-arch optimiert.","og_url":"https:\/\/www.auxalia.com\/en\/referenzen\/mehr-effizienz-in-der-generalplanung-mit-bim-collaborate-pro\/","og_site_name":"auxalia GmbH","article_modified_time":"2023-01-17T12:23:00+00:00","og_image":[{"width":260,"height":120,"url":"https:\/\/www.auxalia.com\/wp-content\/uploads\/2022\/04\/referenz-21arch.webp","type":"image\/webp"}],"twitter_card":"summary_large_image","twitter_misc":{"Est. reading time":"7 minutes"},"schema":{"@context":"https:\/\/schema.org","@graph":[{"@type":"WebPage","@id":"https:\/\/www.auxalia.com\/en\/referenzen\/mehr-effizienz-in-der-generalplanung-mit-bim-collaborate-pro\/","url":"https:\/\/www.auxalia.com\/en\/referenzen\/mehr-effizienz-in-der-generalplanung-mit-bim-collaborate-pro\/","name":"Mehr Effizienz in der Generalplanung mit BIM Collaborate Pro - auxalia GmbH","isPartOf":{"@id":"https:\/\/www.auxalia.com\/en\/#website"},"primaryImageOfPage":{"@id":"https:\/\/www.auxalia.com\/en\/referenzen\/mehr-effizienz-in-der-generalplanung-mit-bim-collaborate-pro\/#primaryimage"},"image":{"@id":"https:\/\/www.auxalia.com\/en\/referenzen\/mehr-effizienz-in-der-generalplanung-mit-bim-collaborate-pro\/#primaryimage"},"thumbnailUrl":"https:\/\/www.auxalia.com\/wp-content\/uploads\/2022\/04\/referenz-21arch.webp","datePublished":"2022-04-27T07:52:41+00:00","dateModified":"2023-01-17T12:23:00+00:00","description":"Erfahren Sie, wie Autodesk BIM 360 die team\u00fcbergreifende Zusammenarbeit & Projektplanung beim Stuttgarter Architekturb\u00fcro 21-arch optimiert.","breadcrumb":{"@id":"https:\/\/www.auxalia.com\/en\/referenzen\/mehr-effizienz-in-der-generalplanung-mit-bim-collaborate-pro\/#breadcrumb"},"inLanguage":"en-US","potentialAction":[{"@type":"ReadAction","target":["https:\/\/www.auxalia.com\/en\/referenzen\/mehr-effizienz-in-der-generalplanung-mit-bim-collaborate-pro\/"]}]},{"@type":"ImageObject","inLanguage":"en-US","@id":"https:\/\/www.auxalia.com\/en\/referenzen\/mehr-effizienz-in-der-generalplanung-mit-bim-collaborate-pro\/#primaryimage","url":"https:\/\/www.auxalia.com\/wp-content\/uploads\/2022\/04\/referenz-21arch.webp","contentUrl":"https:\/\/www.auxalia.com\/wp-content\/uploads\/2022\/04\/referenz-21arch.webp","width":260,"height":120},{"@type":"BreadcrumbList","@id":"https:\/\/www.auxalia.com\/en\/referenzen\/mehr-effizienz-in-der-generalplanung-mit-bim-collaborate-pro\/#breadcrumb","itemListElement":[{"@type":"ListItem","position":1,"name":"Home","item":"https:\/\/www.auxalia.com\/en\/"},{"@type":"ListItem","position":2,"name":"Mehr Effizienz in der Generalplanung mit BIM Collaborate Pro"}]},{"@type":"WebSite","@id":"https:\/\/www.auxalia.com\/en\/#website","url":"https:\/\/www.auxalia.com\/en\/","name":"auxalia GmbH","description":"Eine weitere WordPress-Website","publisher":{"@id":"https:\/\/www.auxalia.com\/en\/#organization"},"potentialAction":[{"@type":"SearchAction","target":{"@type":"EntryPoint","urlTemplate":"https:\/\/www.auxalia.com\/en\/?s={search_term_string}"},"query-input":{"@type":"PropertyValueSpecification","valueRequired":true,"valueName":"search_term_string"}}],"inLanguage":"en-US"},{"@type":"Organization","@id":"https:\/\/www.auxalia.com\/en\/#organization","name":"auxalia GmbH","url":"https:\/\/www.auxalia.com\/en\/","logo":{"@type":"ImageObject","inLanguage":"en-US","@id":"https:\/\/www.auxalia.com\/en\/#\/schema\/logo\/image\/","url":"https:\/\/www.auxalia.com\/wp-content\/uploads\/2025\/02\/logo_auxalia-with-group_blue-transparent.svg","contentUrl":"https:\/\/www.auxalia.com\/wp-content\/uploads\/2025\/02\/logo_auxalia-with-group_blue-transparent.svg","caption":"auxalia GmbH"},"image":{"@id":"https:\/\/www.auxalia.com\/en\/#\/schema\/logo\/image\/"}}]}},"_links":{"self":[{"href":"https:\/\/www.auxalia.com\/en\/wp-json\/wp\/v2\/referenzen\/1598","targetHints":{"allow":["GET"]}}],"collection":[{"href":"https:\/\/www.auxalia.com\/en\/wp-json\/wp\/v2\/referenzen"}],"about":[{"href":"https:\/\/www.auxalia.com\/en\/wp-json\/wp\/v2\/types\/referenzen"}],"wp:featuredmedia":[{"embeddable":true,"href":"https:\/\/www.auxalia.com\/en\/wp-json\/wp\/v2\/media\/4432"}],"wp:attachment":[{"href":"https:\/\/www.auxalia.com\/en\/wp-json\/wp\/v2\/media?parent=1598"}],"wp:term":[{"taxonomy":"referenzen_categories","embeddable":true,"href":"https:\/\/www.auxalia.com\/en\/wp-json\/wp\/v2\/referenzen_categories?post=1598"}],"curies":[{"name":"wp","href":"https:\/\/api.w.org\/{rel}","templated":true}]}}